{"id":12750,"date":"2026-01-22T11:22:07","date_gmt":"2026-01-22T10:22:07","guid":{"rendered":"https:\/\/ami.at\/historique-de-lentreprise\/"},"modified":"2026-01-22T11:25:51","modified_gmt":"2026-01-22T10:25:51","slug":"historique-de-lentreprise","status":"publish","type":"page","link":"https:\/\/ami.at\/fr\/historique-de-lentreprise\/","title":{"rendered":"Historique de l&#8217;entreprise"},"content":{"rendered":"\t\t<div data-elementor-type=\"wp-page\" data-elementor-id=\"12750\" class=\"elementor elementor-12750 elementor-12744\" data-elementor-post-type=\"page\">\n\t\t\t\t<div class=\"elementor-element elementor-element-b8efe56 e-flex e-con-boxed e-con e-parent\" data-id=\"b8efe56\" data-element_type=\"container\" data-e-type=\"container\">\n\t\t\t\t\t<div class=\"e-con-inner\">\n\t\t\t\t<div class=\"elementor-element elementor-element-64e37fd elementor-widget elementor-widget-shortcode\" data-id=\"64e37fd\" data-element_type=\"widget\" data-e-type=\"widget\" data-widget_type=\"shortcode.default\">\n\t\t\t\t<div class=\"elementor-widget-container\">\n\t\t\t\t\t\t\t<div class=\"elementor-shortcode\">\t\t\t<!-- Cool Timeline PRO V5.2 -->\r\n\t\t\t<div class=\"ctl-wrapper\" role=\"region\" aria-label=\"Timeline\">\r\n\t\t\t\t\t\t\t\t<div id=\"cool_timeline_1\" class=\"cool-timeline-wrapper ctl-both-sided ctl-vertical-wrapper ctl-default\" data-nav=\"hide\" data-line-filling=\"true\" data-nav-pos=\"\">\r\n\t\t\t\t\t<div class=\"ctl-start\"><\/div>\r\n\t\t\t\t\t<!-- Timeline Container -->\r\n\t\t\t\t\t<div class=\"ctl-timeline ctl-timeline-container\" data-animation=\"fade-up\" aria-live=\"polite\">\r\n\t\t\t\t\t\t<!-- Center Line -->\r\n\t\t\t\t\t\t<div class=\"ctl-inner-line\" role=\"presentation\"><\/div>\r\n\t\t\t\t\t\t<!-- Timeline Content --><div id=\"ctl-story-10282\" class=\"ctl-story ctl-story-icon odd ctl-story-right\" data-story-index=\"1\" role=\"article\"><!-- Story Labels --><div class=\"ctl-labels\"><div class=\"ctl-label-big\">1998<\/div><div class=\"ctl-label-small\"><\/div><\/div><!-- Story Icon --><div class=\"ctl-icon\"><i class= \"fa far fa-dot-circle\" aria-hidden =\"true\" ><\/i><\/div> <!-- Story Arrow --><div class=\"ctl-arrow\"><\/div>\r\n\t\t\t<!-- Story Content --><div class=\"ctl-content\"><!-- Story Title --> <div class=\"ctl-title story-10282\" role=\"heading\" aria-level=\"2\"><a target=\"_self\" title=\"A.M.I. enregistr\u00e9e en tant que soci\u00e9t\u00e9\" href=\"https:\/\/ami.at\/fr\/timeline\/a-m-i-enregistree-en-tant-que-societe\/\" class=\"story-link\">A.M.I. enregistr\u00e9e en tant que soci\u00e9t\u00e9<\/a><\/div><!-- Story Media --><div class=\"ctl-media full\"><a title=\"A.M.I. enregistr\u00e9e en tant que soci\u00e9t\u00e9\" href=\"https:\/\/ami.at\/wp-content\/uploads\/1998.webp\"><img fetchpriority=\"high\" decoding=\"async\" width=\"800\" height=\"450\" src=\"https:\/\/ami.at\/wp-content\/uploads\/1998-1024x576.webp\" class=\"story-img wp-post-image\" alt=\"A.M.I. enregistr\u00e9e en tant que soci\u00e9t\u00e9\" srcset=\"https:\/\/ami.at\/wp-content\/uploads\/1998-1024x576.webp 1024w, https:\/\/ami.at\/wp-content\/uploads\/1998-300x169.webp 300w, https:\/\/ami.at\/wp-content\/uploads\/1998-768x432.webp 768w, https:\/\/ami.at\/wp-content\/uploads\/1998-1536x864.webp 1536w, https:\/\/ami.at\/wp-content\/uploads\/1998.webp 1920w\" sizes=\"(max-width: 800px) 100vw, 800px\" \/><\/a><\/div><!-- Story Description --><div class=\"ctl-description\"><p>Fin 1998, une \u00e9quipe de professionnels chevronn\u00e9s issus des secteurs des dispositifs m\u00e9dicaux et de l&#8217;ing\u00e9nierie s&#8217;est r\u00e9unie pour offrir aux chirurgiens europ\u00e9ens une assistance rapide et experte dans la concr\u00e9tisation de leurs id\u00e9es de produits.<\/p>\n<\/div><\/div><\/div><!-- Timeline Content --><div id=\"ctl-story-10281\" class=\"ctl-story ctl-story-icon even ctl-story-left\" data-story-index=\"2\" role=\"article\"><!-- Story Labels --><div class=\"ctl-labels\"><div class=\"ctl-label-big\">2000<\/div><div class=\"ctl-label-small\"><\/div><\/div><!-- Story Icon --><div class=\"ctl-icon\"><i class= \"fa far fa-dot-circle\" aria-hidden= \"true\"><\/i> <\/div> <!-- Story Arrow --><div class=\"ctl-arrow\"><\/div>\r\n\t\t\t<!-- Story Content --><div class=\"ctl-content\"><!-- Story Title --> <div class=\"ctl-title story-10281\" role=\"heading\" aria-level=\"2\"><a target=\"_self\" title=\"La m\u00e9thode HAL et l&#8217;expansion\" href=\"https:\/\/ami.at\/fr\/timeline\/la-methode-hal-et-lexpansion\/\" class=\"story-link\">La m\u00e9thode HAL et l&#8217;expansion<\/a><\/div><div class=\"ctp-media-slider\"><!-- Story Slider Container -->\r\n\t\t\t\t\t\t<div id=\"story-10281\" class=\"ctp-story-slider story-swiper-10281\" data-swiper-autoplay=\"1\" data-swiper-speed=\"5000\">\r\n\t\t\t\t\t\t\t<div class=\"story-swiper-wrapper swiper-wrapper\">\r\n\t\t\t\t\t\t\t\t<!-- Slides --><div class=\"story-slide swiper-slide\"><a class=\"\" href=\"https:\/\/ami.at\/wp-content\/uploads\/2000-Single.webp\"><img decoding=\"async\" class=\"story-image\" src=\"https:\/\/ami.at\/wp-content\/uploads\/2000-Single-1024x576.webp\" class=\"no-lazyload skip-lazy\"><\/a><\/div><div class=\"story-slide swiper-slide\"><a class=\"\" href=\"https:\/\/ami.at\/wp-content\/uploads\/lindau-germany.webp\"><img decoding=\"async\" class=\"story-image\" src=\"https:\/\/ami.at\/wp-content\/uploads\/lindau-germany-1024x576.webp\" class=\"no-lazyload skip-lazy\"><\/a><\/div><div class=\"story-slide swiper-slide\"><a class=\"\" href=\"https:\/\/ami.at\/wp-content\/uploads\/cergy-france.webp\"><img decoding=\"async\" class=\"story-image\" src=\"https:\/\/ami.at\/wp-content\/uploads\/cergy-france-1024x576.webp\" class=\"no-lazyload skip-lazy\"><\/a><\/div><\/div>\r\n\t\t\t\t\t\t\t<div class=\"story-swiper-pagination\"><\/div>\r\n\t\t\t\t\t\t\t<div class=\"story-swiper-button-prev\"><svg xmlns=\"http:\/\/www.w3.org\/2000\/svg\" height=\"1em\" viewBox=\"0 0 320 512\">\r\n\t\t\t\t<path d=\"M34.52 239.03L228.87 44.69c9.37-9.37 24.57-9.37 33.94 0l22.67 22.67c9.36 9.36 9.37 24.52.04 33.9L131.49 256l154.02 154.75c9.34 9.38 9.32 24.54-.04 33.9l-22.67 22.67c-9.37 9.37-24.57 9.37-33.94 0L34.52 272.97c-9.37-9.37-9.37-24.57 0-33.94z\"\/>\r\n\t\t\t\t<\/svg><\/div>\r\n\t\t\t\t\t\t\t<div class=\"story-swiper-button-next\"><svg xmlns=\"http:\/\/www.w3.org\/2000\/svg\" height=\"1em\" viewBox=\"0 0 320 512\">\r\n\t\t\t\t<path d=\"M285.476 272.971L91.132 467.314c-9.373 9.373-24.569 9.373-33.941 0l-22.667-22.667c-9.357-9.357-9.375-24.522-.04-33.901L188.505 256 34.484 101.255c-9.335-9.379-9.317-24.544.04-33.901l22.667-22.667c9.373-9.373 24.569-9.373 33.941 0L285.475 239.03c9.373 9.372 9.373 24.568.001 33.941z\"\/>\r\n\t\t\t\t<\/svg><\/div>\r\n\t\t\t\t\t\t<\/div><\/div><!-- Story Description --><div class=\"ctl-description\"><ul>\n<li>La m\u00e9thode HAL est introduite en Europe, offrant une nouvelle approche efficace et indolore du traitement de la maladie h\u00e9morro\u00efdaire avec le syst\u00e8me A.M.I. HAL. Cette technique innovante gagne rapidement en popularit\u00e9 aupr\u00e8s des professionnels de la sant\u00e9 europ\u00e9ens, apportant un soulagement indolore \u00e0 des milliers de patients.<\/li>\n<li>La cr\u00e9ation d&#8217;une succursale de vente en Allemagne, devenue A.M.I. Allemagne, et l&#8217;acquisition de DUFOUR Medical S.A. en France, qui a ouvert la voie \u00e0 la future filiale A.M.I. France.<\/li>\n<\/ul>\n<\/div><\/div><\/div><!-- Timeline Content --><div id=\"ctl-story-10280\" class=\"ctl-story ctl-story-icon odd ctl-story-right\" data-story-index=\"3\" role=\"article\"><!-- Story Labels --><div class=\"ctl-labels\"><div class=\"ctl-label-big\">2002<\/div><div class=\"ctl-label-small\"><\/div><\/div><!-- Story Icon --><div class=\"ctl-icon\"><i class= \"fa far fa-dot-circle\" aria-hidden= \"true\"><\/i> <\/div> <!-- Story Arrow --><div class=\"ctl-arrow\"><\/div>\r\n\t\t\t<!-- Story Content --><div class=\"ctl-content\"><!-- Story Title --> <div class=\"ctl-title story-10280\" role=\"heading\" aria-level=\"2\"><a target=\"_self\" title=\"Reconnaissance de l&#8217;innovation\" href=\"https:\/\/ami.at\/fr\/timeline\/reconnaissance-de-linnovation\/\" class=\"story-link\">Reconnaissance de l&#8217;innovation<\/a><\/div><!-- Story Media --><div class=\"ctl-media full\"><a title=\"Reconnaissance de l&#8217;innovation\" href=\"https:\/\/ami.at\/wp-content\/uploads\/2002.webp\"><img decoding=\"async\" width=\"800\" height=\"450\" src=\"https:\/\/ami.at\/wp-content\/uploads\/2002-1024x576.webp\" class=\"story-img wp-post-image\" alt=\"Reconnaissance de l&#8217;innovation\" srcset=\"https:\/\/ami.at\/wp-content\/uploads\/2002-1024x576.webp 1024w, https:\/\/ami.at\/wp-content\/uploads\/2002-300x169.webp 300w, https:\/\/ami.at\/wp-content\/uploads\/2002-768x432.webp 768w, https:\/\/ami.at\/wp-content\/uploads\/2002-1536x864.webp 1536w, https:\/\/ami.at\/wp-content\/uploads\/2002.webp 1920w\" sizes=\"(max-width: 800px) 100vw, 800px\" \/><\/a><\/div><!-- Story Description --><div class=\"ctl-description\"><p>A.M.I. re\u00e7oit le prix de l&#8217;innovation de la province du Vorarlberg pour son syst\u00e8me r\u00e9volutionnaire A.M.I. HAL.<\/p>\n<\/div><\/div><\/div><!-- Timeline Content --><div id=\"ctl-story-10279\" class=\"ctl-story ctl-story-icon even ctl-story-left\" data-story-index=\"4\" role=\"article\"><!-- Story Labels --><div class=\"ctl-labels\"><div class=\"ctl-label-big\">2004<\/div><div class=\"ctl-label-small\"><\/div><\/div><!-- Story Icon --><div class=\"ctl-icon\"><i class= \"fa far fa-dot-circle\" aria-hidden= \"true\"><\/i> <\/div> <!-- Story Arrow --><div class=\"ctl-arrow\"><\/div>\r\n\t\t\t<!-- Story Content --><div class=\"ctl-content\"><!-- Story Title --> <div class=\"ctl-title story-10279\" role=\"heading\" aria-level=\"2\"><a target=\"_self\" title=\"Innovation et reconnaissance\" href=\"https:\/\/ami.at\/fr\/timeline\/innovation-et-reconnaissance\/\" class=\"story-link\">Innovation et reconnaissance<\/a><\/div><div class=\"ctp-media-slider\"><!-- Story Slider Container -->\r\n\t\t\t\t\t\t<div id=\"story-10279\" class=\"ctp-story-slider story-swiper-10279\" data-swiper-autoplay=\"1\" data-swiper-speed=\"5000\">\r\n\t\t\t\t\t\t\t<div class=\"story-swiper-wrapper swiper-wrapper\">\r\n\t\t\t\t\t\t\t\t<!-- Slides --><div class=\"story-slide swiper-slide\"><a class=\"\" href=\"https:\/\/ami.at\/wp-content\/uploads\/2004-Single_3.webp\"><img decoding=\"async\" class=\"story-image\" src=\"https:\/\/ami.at\/wp-content\/uploads\/2004-Single_3-1024x576.webp\" class=\"no-lazyload skip-lazy\"><\/a><\/div><div class=\"story-slide swiper-slide\"><a class=\"\" href=\"https:\/\/ami.at\/wp-content\/uploads\/2004-Single_2.webp\"><img decoding=\"async\" class=\"story-image\" src=\"https:\/\/ami.at\/wp-content\/uploads\/2004-Single_2-1024x576.webp\" class=\"no-lazyload skip-lazy\"><\/a><\/div><div class=\"story-slide swiper-slide\"><a class=\"\" href=\"https:\/\/ami.at\/wp-content\/uploads\/2004-Single_1.webp\"><img decoding=\"async\" class=\"story-image\" src=\"https:\/\/ami.at\/wp-content\/uploads\/2004-Single_1-1024x576.webp\" class=\"no-lazyload skip-lazy\"><\/a><\/div><\/div>\r\n\t\t\t\t\t\t\t<div class=\"story-swiper-pagination\"><\/div>\r\n\t\t\t\t\t\t\t<div class=\"story-swiper-button-prev\"><svg xmlns=\"http:\/\/www.w3.org\/2000\/svg\" height=\"1em\" viewBox=\"0 0 320 512\">\r\n\t\t\t\t<path d=\"M34.52 239.03L228.87 44.69c9.37-9.37 24.57-9.37 33.94 0l22.67 22.67c9.36 9.36 9.37 24.52.04 33.9L131.49 256l154.02 154.75c9.34 9.38 9.32 24.54-.04 33.9l-22.67 22.67c-9.37 9.37-24.57 9.37-33.94 0L34.52 272.97c-9.37-9.37-9.37-24.57 0-33.94z\"\/>\r\n\t\t\t\t<\/svg><\/div>\r\n\t\t\t\t\t\t\t<div class=\"story-swiper-button-next\"><svg xmlns=\"http:\/\/www.w3.org\/2000\/svg\" height=\"1em\" viewBox=\"0 0 320 512\">\r\n\t\t\t\t<path d=\"M285.476 272.971L91.132 467.314c-9.373 9.373-24.569 9.373-33.941 0l-22.667-22.667c-9.357-9.357-9.375-24.522-.04-33.901L188.505 256 34.484 101.255c-9.335-9.379-9.317-24.544.04-33.901l22.667-22.667c9.373-9.373 24.569-9.373 33.941 0L285.475 239.03c9.373 9.372 9.373 24.568.001 33.941z\"\/>\r\n\t\t\t\t<\/svg><\/div>\r\n\t\t\t\t\t\t<\/div><\/div><!-- Story Description --><div class=\"ctl-description\"><ul>\n<li>La c\u00e9r\u00e9monie de pose de la premi\u00e8re pierre du nouveau si\u00e8ge de l&#8217;entreprise a eu lieu en janvier 2004 \u00e0 Feldkirch, en Autriche. En octobre de la m\u00eame ann\u00e9e, le nouveau &#8220;Bureau de l&#8217;innovation&#8221; \u00e9tait achev\u00e9.<\/li>\n<li>A.M.I. a \u00e9galement re\u00e7u le prix de l&#8217;innovation de la province du Vorarlberg pour son implant Anal Band destin\u00e9 au traitement de l&#8217;incontinence f\u00e9cale.<\/li>\n<\/ul>\n<\/div><\/div><\/div><!-- Timeline Content --><div id=\"ctl-story-10278\" class=\"ctl-story ctl-story-icon odd ctl-story-right\" data-story-index=\"5\" role=\"article\"><!-- Story Labels --><div class=\"ctl-labels\"><div class=\"ctl-label-big\">2008<\/div><div class=\"ctl-label-small\"><\/div><\/div><!-- Story Icon --><div class=\"ctl-icon\"><i class= \"fa far fa-dot-circle\" aria-hidden= \"true\"><\/i> <\/div> <!-- Story Arrow --><div class=\"ctl-arrow\"><\/div>\r\n\t\t\t<!-- Story Content --><div class=\"ctl-content\"><!-- Story Title --> <div class=\"ctl-title story-10278\" role=\"heading\" aria-level=\"2\"><a target=\"_self\" title=\"Une grande ann\u00e9e\" href=\"https:\/\/ami.at\/fr\/timeline\/une-grande-annee\/\" class=\"story-link\">Une grande ann\u00e9e<\/a><\/div><div class=\"ctp-media-slider\"><!-- Story Slider Container -->\r\n\t\t\t\t\t\t<div id=\"story-10278\" class=\"ctp-story-slider story-swiper-10278\" data-swiper-autoplay=\"1\" data-swiper-speed=\"5000\">\r\n\t\t\t\t\t\t\t<div class=\"story-swiper-wrapper swiper-wrapper\">\r\n\t\t\t\t\t\t\t\t<!-- Slides --><div class=\"story-slide swiper-slide\"><a class=\"\" href=\"https:\/\/ami.at\/wp-content\/uploads\/2008-1.webp\"><img decoding=\"async\" class=\"story-image\" src=\"https:\/\/ami.at\/wp-content\/uploads\/2008-1-1024x687.webp\" class=\"no-lazyload skip-lazy\"><\/a><\/div><div class=\"story-slide swiper-slide\"><a class=\"\" href=\"https:\/\/ami.at\/wp-content\/uploads\/2008-5.webp\"><img decoding=\"async\" class=\"story-image\" src=\"https:\/\/ami.at\/wp-content\/uploads\/2008-5-1024x900.webp\" class=\"no-lazyload skip-lazy\"><\/a><\/div><div class=\"story-slide swiper-slide\"><a class=\"\" href=\"https:\/\/ami.at\/wp-content\/uploads\/2008-3.jpg\"><img decoding=\"async\" class=\"story-image\" src=\"https:\/\/ami.at\/wp-content\/uploads\/2008-3.jpg\" class=\"no-lazyload skip-lazy\"><\/a><\/div><div class=\"story-slide swiper-slide\"><a class=\"\" href=\"https:\/\/ami.at\/wp-content\/uploads\/2008-2.webp\"><img decoding=\"async\" class=\"story-image\" src=\"https:\/\/ami.at\/wp-content\/uploads\/2008-2-1024x745.webp\" class=\"no-lazyload skip-lazy\"><\/a><\/div><div class=\"story-slide swiper-slide\"><a class=\"\" href=\"https:\/\/ami.at\/wp-content\/uploads\/marblehead-usa.webp\"><img decoding=\"async\" class=\"story-image\" src=\"https:\/\/ami.at\/wp-content\/uploads\/marblehead-usa-1024x576.webp\" class=\"no-lazyload skip-lazy\"><\/a><\/div><\/div>\r\n\t\t\t\t\t\t\t<div class=\"story-swiper-pagination\"><\/div>\r\n\t\t\t\t\t\t\t<div class=\"story-swiper-button-prev\"><svg xmlns=\"http:\/\/www.w3.org\/2000\/svg\" height=\"1em\" viewBox=\"0 0 320 512\">\r\n\t\t\t\t<path d=\"M34.52 239.03L228.87 44.69c9.37-9.37 24.57-9.37 33.94 0l22.67 22.67c9.36 9.36 9.37 24.52.04 33.9L131.49 256l154.02 154.75c9.34 9.38 9.32 24.54-.04 33.9l-22.67 22.67c-9.37 9.37-24.57 9.37-33.94 0L34.52 272.97c-9.37-9.37-9.37-24.57 0-33.94z\"\/>\r\n\t\t\t\t<\/svg><\/div>\r\n\t\t\t\t\t\t\t<div class=\"story-swiper-button-next\"><svg xmlns=\"http:\/\/www.w3.org\/2000\/svg\" height=\"1em\" viewBox=\"0 0 320 512\">\r\n\t\t\t\t<path d=\"M285.476 272.971L91.132 467.314c-9.373 9.373-24.569 9.373-33.941 0l-22.667-22.667c-9.357-9.357-9.375-24.522-.04-33.901L188.505 256 34.484 101.255c-9.335-9.379-9.317-24.544.04-33.901l22.667-22.667c9.373-9.373 24.569-9.373 33.941 0L285.475 239.03c9.373 9.372 9.373 24.568.001 33.941z\"\/>\r\n\t\t\t\t<\/svg><\/div>\r\n\t\t\t\t\t\t<\/div><\/div><!-- Story Description --><div class=\"ctl-description\"><ul>\n<li>Construction de la deuxi\u00e8me extension, qui devient l'&#8221;Innovation Facility&#8221;.<\/li>\n<li>La cr\u00e8che MediKids ouvrira ses portes en novembre, offrant une garderie sur place aux employ\u00e9s et \u00e0 la communaut\u00e9.<\/li>\n<li>La succursale de vente d&#8217;A.M.I. ouvre ses portes \u00e0 Marblehead, dans le Massachusetts, marquant ainsi l&#8217;entr\u00e9e d&#8217;A.M.I. sur le march\u00e9 am\u00e9ricain.<\/li>\n<li>Le syst\u00e8me ATOMS est introduit pour le traitement de l&#8217;incontinence urinaire masculine et fait l&#8217;objet d&#8217;une publication officielle et d&#8217;un lancement sur le march\u00e9.<\/li>\n<\/ul>\n<\/div><\/div><\/div><!-- Timeline Content --><div id=\"ctl-story-10277\" class=\"ctl-story ctl-story-icon even ctl-story-left\" data-story-index=\"6\" role=\"article\"><!-- Story Labels --><div class=\"ctl-labels\"><div class=\"ctl-label-big\">2010<\/div><div class=\"ctl-label-small\"><\/div><\/div><!-- Story Icon --><div class=\"ctl-icon\"><i class= \"fa far fa-dot-circle\" aria-hidden= \"true\"><\/i> <\/div> <!-- Story Arrow --><div class=\"ctl-arrow\"><\/div>\r\n\t\t\t<!-- Story Content --><div class=\"ctl-content\"><!-- Story Title --> <div class=\"ctl-title story-10277\" role=\"heading\" aria-level=\"2\"><a target=\"_self\" title=\"Prix BSC Mesh et ATOMS\" href=\"https:\/\/ami.at\/fr\/timeline\/prix-bsc-mesh-et-atoms\/\" class=\"story-link\">Prix BSC Mesh et ATOMS<\/a><\/div><div class=\"ctp-media-slider\"><!-- Story Slider Container -->\r\n\t\t\t\t\t\t<div id=\"story-10277\" class=\"ctp-story-slider story-swiper-10277\" data-swiper-autoplay=\"1\" data-swiper-speed=\"5000\">\r\n\t\t\t\t\t\t\t<div class=\"story-swiper-wrapper swiper-wrapper\">\r\n\t\t\t\t\t\t\t\t<!-- Slides --><div class=\"story-slide swiper-slide\"><a class=\"\" href=\"https:\/\/ami.at\/wp-content\/uploads\/2010-Single_1.webp\"><img decoding=\"async\" class=\"story-image\" src=\"https:\/\/ami.at\/wp-content\/uploads\/2010-Single_1-1024x576.webp\" class=\"no-lazyload skip-lazy\"><\/a><\/div><div class=\"story-slide swiper-slide\"><a class=\"\" href=\"https:\/\/ami.at\/wp-content\/uploads\/2010-Single_2.webp\"><img decoding=\"async\" class=\"story-image\" src=\"https:\/\/ami.at\/wp-content\/uploads\/2010-Single_2-1024x576.webp\" class=\"no-lazyload skip-lazy\"><\/a><\/div><\/div>\r\n\t\t\t\t\t\t\t<div class=\"story-swiper-pagination\"><\/div>\r\n\t\t\t\t\t\t\t<div class=\"story-swiper-button-prev\"><svg xmlns=\"http:\/\/www.w3.org\/2000\/svg\" height=\"1em\" viewBox=\"0 0 320 512\">\r\n\t\t\t\t<path d=\"M34.52 239.03L228.87 44.69c9.37-9.37 24.57-9.37 33.94 0l22.67 22.67c9.36 9.36 9.37 24.52.04 33.9L131.49 256l154.02 154.75c9.34 9.38 9.32 24.54-.04 33.9l-22.67 22.67c-9.37 9.37-24.57 9.37-33.94 0L34.52 272.97c-9.37-9.37-9.37-24.57 0-33.94z\"\/>\r\n\t\t\t\t<\/svg><\/div>\r\n\t\t\t\t\t\t\t<div class=\"story-swiper-button-next\"><svg xmlns=\"http:\/\/www.w3.org\/2000\/svg\" height=\"1em\" viewBox=\"0 0 320 512\">\r\n\t\t\t\t<path d=\"M285.476 272.971L91.132 467.314c-9.373 9.373-24.569 9.373-33.941 0l-22.667-22.667c-9.357-9.357-9.375-24.522-.04-33.901L188.505 256 34.484 101.255c-9.335-9.379-9.317-24.544.04-33.901l22.667-22.667c9.373-9.373 24.569-9.373 33.941 0L285.475 239.03c9.373 9.372 9.373 24.568.001 33.941z\"\/>\r\n\t\t\t\t<\/svg><\/div>\r\n\t\t\t\t\t\t<\/div><\/div><!-- Story Description --><div class=\"ctl-description\"><ul>\n<li>Le BSC Mesh est lanc\u00e9 pour traiter le prolapsus du compartiment central, y compris le prolapsus ut\u00e9rin ou vaginal.<\/li>\n<li>A.M.I. re\u00e7oit \u00e0 nouveau le prix de l&#8217;innovation de la province du Vorarlberg pour son implant ATOMS pour l&#8217;incontinence urinaire masculine.<\/li>\n<\/ul>\n<\/div><\/div><\/div><!-- Timeline Content --><div id=\"ctl-story-10276\" class=\"ctl-story ctl-story-icon odd ctl-story-right\" data-story-index=\"7\" role=\"article\"><!-- Story Labels --><div class=\"ctl-labels\"><div class=\"ctl-label-big\">2013<\/div><div class=\"ctl-label-small\"><\/div><\/div><!-- Story Icon --><div class=\"ctl-icon\"><i class= \"fa far fa-dot-circle\" aria-hidden= \"true\"><\/i> <\/div> <!-- Story Arrow --><div class=\"ctl-arrow\"><\/div>\r\n\t\t\t<!-- Story Content --><div class=\"ctl-content\"><!-- Story Title --> <div class=\"ctl-title story-10276\" role=\"heading\" aria-level=\"2\"><a target=\"_self\" title=\"Trilogie\" href=\"https:\/\/ami.at\/fr\/timeline\/trilogie\/\" class=\"story-link\">Trilogie<\/a><\/div><!-- Story Media --><div class=\"ctl-media full\"><a title=\"Trilogie\" href=\"https:\/\/ami.at\/wp-content\/uploads\/2013.webp\"><img decoding=\"async\" width=\"800\" height=\"450\" src=\"https:\/\/ami.at\/wp-content\/uploads\/2013-1024x576.webp\" class=\"story-img wp-post-image\" alt=\"Trilogie\" srcset=\"https:\/\/ami.at\/wp-content\/uploads\/2013-1024x576.webp 1024w, https:\/\/ami.at\/wp-content\/uploads\/2013-300x169.webp 300w, https:\/\/ami.at\/wp-content\/uploads\/2013-768x432.webp 768w, https:\/\/ami.at\/wp-content\/uploads\/2013-1536x864.webp 1536w, https:\/\/ami.at\/wp-content\/uploads\/2013.webp 1920w\" sizes=\"(max-width: 800px) 100vw, 800px\" \/><\/a><\/div><!-- Story Description --><div class=\"ctl-description\"><p>Trilogy est la troisi\u00e8me g\u00e9n\u00e9ration de HAL-RAR d&#8217;A.M.I.. Elle combine tous les avantages connus du fonctionnement de HAL-RAR avec la nouvelle flexibilit\u00e9 de la technologie sans fil Bluetooth.<\/p>\n<\/div><\/div><\/div><!-- Timeline Content --><div id=\"ctl-story-10275\" class=\"ctl-story ctl-story-icon even ctl-story-left\" data-story-index=\"8\" role=\"article\"><!-- Story Labels --><div class=\"ctl-labels\"><div class=\"ctl-label-big\">2015<\/div><div class=\"ctl-label-small\"><\/div><\/div><!-- Story Icon --><div class=\"ctl-icon\"><i class= \"fa far fa-dot-circle\" aria-hidden= \"true\"><\/i> <\/div> <!-- Story Arrow --><div class=\"ctl-arrow\"><\/div>\r\n\t\t\t<!-- Story Content --><div class=\"ctl-content\"><!-- Story Title --> <div class=\"ctl-title story-10275\" role=\"heading\" aria-level=\"2\"><a target=\"_self\" title=\"Morcellation dans le sac\" href=\"https:\/\/ami.at\/fr\/timeline\/morcellation-dans-le-sac\/\" class=\"story-link\">Morcellation dans le sac<\/a><\/div><!-- Story Media --><div class=\"ctl-media full\"><a title=\"Morcellation dans le sac\" href=\"https:\/\/ami.at\/wp-content\/uploads\/2015.webp\"><img loading=\"lazy\" decoding=\"async\" width=\"800\" height=\"450\" src=\"https:\/\/ami.at\/wp-content\/uploads\/2015-1024x576.webp\" class=\"story-img wp-post-image\" alt=\"Morcellation dans le sac\" srcset=\"https:\/\/ami.at\/wp-content\/uploads\/2015-1024x576.webp 1024w, https:\/\/ami.at\/wp-content\/uploads\/2015-300x169.webp 300w, https:\/\/ami.at\/wp-content\/uploads\/2015-768x432.webp 768w, https:\/\/ami.at\/wp-content\/uploads\/2015-1536x864.webp 1536w, https:\/\/ami.at\/wp-content\/uploads\/2015.webp 1920w\" sizes=\"(max-width: 800px) 100vw, 800px\" \/><\/a><\/div><!-- Story Description --><div class=\"ctl-description\"><p>La premi\u00e8re g\u00e9n\u00e9ration du syst\u00e8me More-Cell est lanc\u00e9e. Il s&#8217;agit d&#8217;un moyen plus s\u00fbr pour les m\u00e9decins d&#8217;effectuer une morcellation en utilisant un sac, ce qui garantit les soins et la s\u00e9curit\u00e9 des patients.<\/p>\n<\/div><\/div><\/div><!-- Timeline Content --><div id=\"ctl-story-10274\" class=\"ctl-story ctl-story-icon odd ctl-story-right\" data-story-index=\"9\" role=\"article\"><!-- Story Labels --><div class=\"ctl-labels\"><div class=\"ctl-label-big\">2017<\/div><div class=\"ctl-label-small\"><\/div><\/div><!-- Story Icon --><div class=\"ctl-icon\"><i class= \"fa far fa-dot-circle\" aria-hidden= \"true\"><\/i> <\/div> <!-- Story Arrow --><div class=\"ctl-arrow\"><\/div>\r\n\t\t\t<!-- Story Content --><div class=\"ctl-content\"><!-- Story Title --> <div class=\"ctl-title story-10274\" role=\"heading\" aria-level=\"2\"><a target=\"_self\" title=\"Laur\u00e9at du prix KMU\" href=\"https:\/\/ami.at\/fr\/timeline\/laureat-du-prix-kmu\/\" class=\"story-link\">Laur\u00e9at du prix KMU<\/a><\/div><!-- Story Media --><div class=\"ctl-media full\"><a title=\"Laur\u00e9at du prix KMU\" href=\"https:\/\/ami.at\/wp-content\/uploads\/2017.webp\"><img loading=\"lazy\" decoding=\"async\" width=\"800\" height=\"450\" src=\"https:\/\/ami.at\/wp-content\/uploads\/2017-1024x576.webp\" class=\"story-img wp-post-image\" alt=\"Laur\u00e9at du prix KMU\" srcset=\"https:\/\/ami.at\/wp-content\/uploads\/2017-1024x576.webp 1024w, https:\/\/ami.at\/wp-content\/uploads\/2017-300x169.webp 300w, https:\/\/ami.at\/wp-content\/uploads\/2017-768x432.webp 768w, https:\/\/ami.at\/wp-content\/uploads\/2017-1536x864.webp 1536w, https:\/\/ami.at\/wp-content\/uploads\/2017.webp 1920w\" sizes=\"(max-width: 800px) 100vw, 800px\" \/><\/a><\/div><!-- Story Description --><div class=\"ctl-description\"><p>A.M.I. a obtenu la premi\u00e8re place dans le domaine du commerce et de l&#8217;artisanat, d\u00e9cern\u00e9e par la KMU (petites et moyennes entreprises).<\/p>\n<\/div><\/div><\/div><!-- Timeline Content --><div id=\"ctl-story-10273\" class=\"ctl-story ctl-story-icon even ctl-story-left\" data-story-index=\"10\" role=\"article\"><!-- Story Labels --><div class=\"ctl-labels\"><div class=\"ctl-label-big\">2019<\/div><div class=\"ctl-label-small\"><\/div><\/div><!-- Story Icon --><div class=\"ctl-icon\"><i class= \"fa far fa-dot-circle\" aria-hidden= \"true\"><\/i> <\/div> <!-- Story Arrow --><div class=\"ctl-arrow\"><\/div>\r\n\t\t\t<!-- Story Content --><div class=\"ctl-content\"><!-- Story Title --> <div class=\"ctl-title story-10273\" role=\"heading\" aria-level=\"2\"><a target=\"_self\" title=\"L&#8217;une des principales entreprises autrichiennes favorables \u00e0 la famille\" href=\"https:\/\/ami.at\/fr\/timeline\/lune-des-principales-entreprises-autrichiennes-favorables-a-la-famille\/\" class=\"story-link\">L&#8217;une des principales entreprises autrichiennes favorables \u00e0 la famille<\/a><\/div><div class=\"ctp-media-slider\"><!-- Story Slider Container -->\r\n\t\t\t\t\t\t<div id=\"story-10273\" class=\"ctp-story-slider story-swiper-10273\" data-swiper-autoplay=\"1\" data-swiper-speed=\"5000\">\r\n\t\t\t\t\t\t\t<div class=\"story-swiper-wrapper swiper-wrapper\">\r\n\t\t\t\t\t\t\t\t<!-- Slides --><div class=\"story-slide swiper-slide\"><a class=\"\" href=\"https:\/\/ami.at\/wp-content\/uploads\/2019-Single_3.webp\"><img decoding=\"async\" class=\"story-image\" src=\"https:\/\/ami.at\/wp-content\/uploads\/2019-Single_3-1024x576.webp\" class=\"no-lazyload skip-lazy\"><\/a><\/div><div class=\"story-slide swiper-slide\"><a class=\"\" href=\"https:\/\/ami.at\/wp-content\/uploads\/2019-Single_1.webp\"><img decoding=\"async\" class=\"story-image\" src=\"https:\/\/ami.at\/wp-content\/uploads\/2019-Single_1-1024x576.webp\" class=\"no-lazyload skip-lazy\"><\/a><\/div><\/div>\r\n\t\t\t\t\t\t\t<div class=\"story-swiper-pagination\"><\/div>\r\n\t\t\t\t\t\t\t<div class=\"story-swiper-button-prev\"><svg xmlns=\"http:\/\/www.w3.org\/2000\/svg\" height=\"1em\" viewBox=\"0 0 320 512\">\r\n\t\t\t\t<path d=\"M34.52 239.03L228.87 44.69c9.37-9.37 24.57-9.37 33.94 0l22.67 22.67c9.36 9.36 9.37 24.52.04 33.9L131.49 256l154.02 154.75c9.34 9.38 9.32 24.54-.04 33.9l-22.67 22.67c-9.37 9.37-24.57 9.37-33.94 0L34.52 272.97c-9.37-9.37-9.37-24.57 0-33.94z\"\/>\r\n\t\t\t\t<\/svg><\/div>\r\n\t\t\t\t\t\t\t<div class=\"story-swiper-button-next\"><svg xmlns=\"http:\/\/www.w3.org\/2000\/svg\" height=\"1em\" viewBox=\"0 0 320 512\">\r\n\t\t\t\t<path d=\"M285.476 272.971L91.132 467.314c-9.373 9.373-24.569 9.373-33.941 0l-22.667-22.667c-9.357-9.357-9.375-24.522-.04-33.901L188.505 256 34.484 101.255c-9.335-9.379-9.317-24.544.04-33.901l22.667-22.667c9.373-9.373 24.569-9.373 33.941 0L285.475 239.03c9.373 9.372 9.373 24.568.001 33.941z\"\/>\r\n\t\t\t\t<\/svg><\/div>\r\n\t\t\t\t\t\t<\/div><\/div><!-- Story Description --><div class=\"ctl-description\"><ul>\n<li>A.M.I. est reconnue comme l&#8217;une des principales entreprises autrichiennes, se classant<sup>troisi\u00e8me<\/sup> \u00e0 l&#8217;ALC.<\/li>\n<li>A.M.I. a \u00e9galement re\u00e7u le Sceau d&#8217;excellence &#8211; Entreprise favorable \u00e0 la famille 2018-2019, r\u00e9pondant aux normes \u00e9lev\u00e9es en mati\u00e8re d&#8217;environnement et d&#8217;opportunit\u00e9s favorables \u00e0 la famille.<\/li>\n<\/ul>\n<\/div><\/div><\/div><!-- Timeline Content --><div id=\"ctl-story-10271\" class=\"ctl-story ctl-story-icon odd ctl-story-right\" data-story-index=\"11\" role=\"article\"><!-- Story Labels --><div class=\"ctl-labels\"><div class=\"ctl-label-big\">2020<\/div><div class=\"ctl-label-small\"><\/div><\/div><!-- Story Icon --><div class=\"ctl-icon\"><i class= \"fa far fa-dot-circle\" aria-hidden= \"true\"><\/i> <\/div> <!-- Story Arrow --><div class=\"ctl-arrow\"><\/div>\r\n\t\t\t<!-- Story Content --><div class=\"ctl-content\"><!-- Story Title --> <div class=\"ctl-title story-10271\" role=\"heading\" aria-level=\"2\"><a target=\"_self\" title=\"Remonter dans la liste du CLA\" href=\"https:\/\/ami.at\/fr\/timeline\/remonter-dans-la-liste-du-cla\/\" class=\"story-link\">Remonter dans la liste du CLA<\/a><\/div><!-- Story Media --><div class=\"ctl-media full\"><a title=\"Remonter dans la liste du CLA\" href=\"https:\/\/ami.at\/wp-content\/uploads\/2020.webp\"><img loading=\"lazy\" decoding=\"async\" width=\"800\" height=\"450\" src=\"https:\/\/ami.at\/wp-content\/uploads\/2020-1024x576.webp\" class=\"story-img wp-post-image\" alt=\"Remonter dans la liste du CLA\" srcset=\"https:\/\/ami.at\/wp-content\/uploads\/2020-1024x576.webp 1024w, https:\/\/ami.at\/wp-content\/uploads\/2020-300x169.webp 300w, https:\/\/ami.at\/wp-content\/uploads\/2020-768x432.webp 768w, https:\/\/ami.at\/wp-content\/uploads\/2020-1536x864.webp 1536w, https:\/\/ami.at\/wp-content\/uploads\/2020.webp 1920w\" sizes=\"(max-width: 800px) 100vw, 800px\" \/><\/a><\/div><!-- Story Description --><div class=\"ctl-description\"><p>A.M.I. est une fois de plus reconnue comme l&#8217;une des principales entreprises autrichiennes, gagnant une place et se classant<sup>deuxi\u00e8me<\/sup> \u00e0 l&#8217;ALC.<\/p>\n<\/div><\/div><\/div><!-- Timeline Content --><div id=\"ctl-story-10269\" class=\"ctl-story ctl-story-icon even ctl-story-left\" data-story-index=\"12\" role=\"article\"><!-- Story Labels --><div class=\"ctl-labels\"><div class=\"ctl-label-big\">2021<\/div><div class=\"ctl-label-small\"><\/div><\/div><!-- Story Icon --><div class=\"ctl-icon\"><i class= \"fa far fa-dot-circle\" aria-hidden= \"true\"><\/i> <\/div> <!-- Story Arrow --><div class=\"ctl-arrow\"><\/div>\r\n\t\t\t<!-- Story Content --><div class=\"ctl-content\"><!-- Story Title --> <div class=\"ctl-title story-10269\" role=\"heading\" aria-level=\"2\"><a target=\"_self\" title=\"Tr\u00e8s convivial pour les familles\" href=\"https:\/\/ami.at\/fr\/timeline\/tres-convivial-pour-les-familles\/\" class=\"story-link\">Tr\u00e8s convivial pour les familles<\/a><\/div><!-- Story Media --><div class=\"ctl-media full\"><a title=\"Tr\u00e8s convivial pour les familles\" href=\"https:\/\/ami.at\/wp-content\/uploads\/2021.webp\"><img loading=\"lazy\" decoding=\"async\" width=\"800\" height=\"450\" src=\"https:\/\/ami.at\/wp-content\/uploads\/2021-1024x576.webp\" class=\"story-img wp-post-image\" alt=\"Tr\u00e8s convivial pour les familles\" srcset=\"https:\/\/ami.at\/wp-content\/uploads\/2021-1024x576.webp 1024w, https:\/\/ami.at\/wp-content\/uploads\/2021-300x169.webp 300w, https:\/\/ami.at\/wp-content\/uploads\/2021-768x432.webp 768w, https:\/\/ami.at\/wp-content\/uploads\/2021-1536x864.webp 1536w, https:\/\/ami.at\/wp-content\/uploads\/2021.webp 1920w\" sizes=\"(max-width: 800px) 100vw, 800px\" \/><\/a><\/div><!-- Story Description --><div class=\"ctl-description\"><p>Pour la deuxi\u00e8me fois cons\u00e9cutive, A.M.I. re\u00e7oit le Sceau d&#8217;excellence &#8211; Entreprise respectueuse de la famille 2020-2021, pour les normes \u00e9lev\u00e9es qu&#8217;elle applique afin d&#8217;offrir \u00e0 ses employ\u00e9s un environnement et des opportunit\u00e9s favorables \u00e0 la famille.<\/p>\n<\/div><\/div><\/div><!-- Timeline Content --><div id=\"ctl-story-10267\" class=\"ctl-story ctl-story-icon odd ctl-story-right\" data-story-index=\"13\" role=\"article\"><!-- Story Labels --><div class=\"ctl-labels\"><div class=\"ctl-label-big\">Aujourd'hui<\/div><div class=\"ctl-label-small\"><\/div><\/div><!-- Story Icon --><div class=\"ctl-icon\"><i class= \"fa far fa-dot-circle\" aria-hidden= \"true\"><\/i> <\/div> <!-- Story Arrow --><div class=\"ctl-arrow\"><\/div>\r\n\t\t\t<!-- Story Content --><div class=\"ctl-content\"><!-- Story Title --> <div class=\"ctl-title story-10267\" role=\"heading\" aria-level=\"2\"><a target=\"_self\" title=\"Partout dans le monde\" href=\"https:\/\/ami.at\/fr\/timeline\/partout-dans-le-monde\/\" class=\"story-link\">Partout dans le monde<\/a><\/div><!-- Story Media --><div class=\"ctl-media full\"><a title=\"Partout dans le monde\" href=\"https:\/\/ami.at\/wp-content\/uploads\/Today.webp\"><img loading=\"lazy\" decoding=\"async\" width=\"800\" height=\"600\" src=\"https:\/\/ami.at\/wp-content\/uploads\/Today-1024x768.webp\" class=\"story-img wp-post-image\" alt=\"Partout dans le monde\" srcset=\"https:\/\/ami.at\/wp-content\/uploads\/Today-1024x768.webp 1024w, https:\/\/ami.at\/wp-content\/uploads\/Today-300x225.webp 300w, https:\/\/ami.at\/wp-content\/uploads\/Today-768x576.webp 768w, https:\/\/ami.at\/wp-content\/uploads\/Today-1536x1152.webp 1536w, https:\/\/ami.at\/wp-content\/uploads\/Today.webp 1613w\" sizes=\"(max-width: 800px) 100vw, 800px\" \/><\/a><\/div><!-- Story Description --><div class=\"ctl-description\"><p>Aujourd&#8217;hui, les produits A.M.I. sont pr\u00e9sents dans 103 pays et ses innovations ont contribu\u00e9 \u00e0 am\u00e9liorer la vie d&#8217;un nombre incalculable de patients. Son engagement \u00e0 innover dans le domaine des dispositifs m\u00e9dicaux afin d&#8217;aider les m\u00e9decins et les patients est toujours aussi fort qu&#8217;en 1998.<\/p>\n<\/div><\/div><\/div>\t\t\t\t\t<\/div>\r\n\t\t\t\t\t<div class=\"ctl-end\"><\/div>\r\n\t\t\t\t\t\t\t\t\t<\/div>\r\n\t\t\t<\/div>\r\n\t\t\t<\/div>\n\t\t\t\t\t\t<\/div>\n\t\t\t\t<\/div>\n\t\t\t\t\t<\/div>\n\t\t\t\t<\/div>\n\t\t\t\t<\/div>\n\t\t","protected":false},"excerpt":{"rendered":"","protected":false},"author":1,"featured_media":0,"parent":0,"menu_order":0,"comment_status":"closed","ping_status":"closed","template":"","meta":{"footnotes":""},"class_list":["post-12750","page","type-page","status-publish","hentry"],"yoast_head":"<!-- This site is optimized with the Yoast SEO plugin v28.3 - https:\/\/yoast.com\/product\/yoast-seo-wordpress\/ -->\n<title>Historique de l&#039;entreprise - A.M.I. \u2013 Agency for Medical Innovations<\/title>\n<meta name=\"robots\" content=\"index, follow, max-snippet:-1, max-image-preview:large, max-video-preview:-1\" \/>\n<link rel=\"canonical\" href=\"https:\/\/ami.at\/fr\/historique-de-lentreprise\/\" \/>\n<meta property=\"og:locale\" content=\"fr_FR\" \/>\n<meta property=\"og:type\" content=\"article\" \/>\n<meta property=\"og:title\" content=\"Historique de l&#039;entreprise - A.M.I. \u2013 Agency for Medical Innovations\" \/>\n<meta property=\"og:url\" content=\"https:\/\/ami.at\/fr\/historique-de-lentreprise\/\" \/>\n<meta property=\"og:site_name\" content=\"A.M.I. \u2013 Agency for Medical Innovations\" \/>\n<meta property=\"article:modified_time\" content=\"2026-01-22T10:25:51+00:00\" \/>\n<meta name=\"twitter:card\" content=\"summary_large_image\" \/>\n<script type=\"application\/ld+json\" class=\"yoast-schema-graph\">{\"@context\":\"https:\\\/\\\/schema.org\",\"@graph\":[{\"@type\":\"WebPage\",\"@id\":\"https:\\\/\\\/ami.at\\\/fr\\\/historique-de-lentreprise\\\/\",\"url\":\"https:\\\/\\\/ami.at\\\/fr\\\/historique-de-lentreprise\\\/\",\"name\":\"Historique de l'entreprise - A.M.I. \u2013 Agency for Medical Innovations\",\"isPartOf\":{\"@id\":\"https:\\\/\\\/ami.ryveniaservices.eu\\\/#website\"},\"datePublished\":\"2026-01-22T10:22:07+00:00\",\"dateModified\":\"2026-01-22T10:25:51+00:00\",\"breadcrumb\":{\"@id\":\"https:\\\/\\\/ami.at\\\/fr\\\/historique-de-lentreprise\\\/#breadcrumb\"},\"inLanguage\":\"fr-FR\",\"potentialAction\":[{\"@type\":\"ReadAction\",\"target\":[\"https:\\\/\\\/ami.at\\\/fr\\\/historique-de-lentreprise\\\/\"]}]},{\"@type\":\"BreadcrumbList\",\"@id\":\"https:\\\/\\\/ami.at\\\/fr\\\/historique-de-lentreprise\\\/#breadcrumb\",\"itemListElement\":[{\"@type\":\"ListItem\",\"position\":1,\"name\":\"Home\",\"item\":\"https:\\\/\\\/ami.at\\\/fr\\\/\"},{\"@type\":\"ListItem\",\"position\":2,\"name\":\"Historique de l&#8217;entreprise\"}]},{\"@type\":\"WebSite\",\"@id\":\"https:\\\/\\\/ami.ryveniaservices.eu\\\/#website\",\"url\":\"https:\\\/\\\/ami.ryveniaservices.eu\\\/\",\"name\":\"A.M.I. \u2013 Agency for Medical Innovations\",\"description\":\"Austrian manufacturer of medical technology\",\"publisher\":{\"@id\":\"https:\\\/\\\/ami.ryveniaservices.eu\\\/#organization\"},\"potentialAction\":[{\"@type\":\"SearchAction\",\"target\":{\"@type\":\"EntryPoint\",\"urlTemplate\":\"https:\\\/\\\/ami.ryveniaservices.eu\\\/?s={search_term_string}\"},\"query-input\":{\"@type\":\"PropertyValueSpecification\",\"valueRequired\":true,\"valueName\":\"search_term_string\"}}],\"inLanguage\":\"fr-FR\"},{\"@type\":\"Organization\",\"@id\":\"https:\\\/\\\/ami.ryveniaservices.eu\\\/#organization\",\"name\":\"A.M.I. \u2013 Agency for Medical Innovations\",\"url\":\"https:\\\/\\\/ami.ryveniaservices.eu\\\/\",\"logo\":{\"@type\":\"ImageObject\",\"inLanguage\":\"fr-FR\",\"@id\":\"https:\\\/\\\/ami.ryveniaservices.eu\\\/#\\\/schema\\\/logo\\\/image\\\/\",\"url\":\"https:\\\/\\\/ami.at\\\/wp-content\\\/uploads\\\/2024\\\/07\\\/Logo_A.M.I._claim_Pantone.png\",\"contentUrl\":\"https:\\\/\\\/ami.at\\\/wp-content\\\/uploads\\\/2024\\\/07\\\/Logo_A.M.I._claim_Pantone.png\",\"width\":1081,\"height\":469,\"caption\":\"A.M.I. \u2013 Agency for Medical Innovations\"},\"image\":{\"@id\":\"https:\\\/\\\/ami.ryveniaservices.eu\\\/#\\\/schema\\\/logo\\\/image\\\/\"}}]}<\/script>\n<!-- \/ Yoast SEO plugin. -->","yoast_head_json":{"title":"Historique de l'entreprise - A.M.I. \u2013 Agency for Medical Innovations","robots":{"index":"index","follow":"follow","max-snippet":"max-snippet:-1","max-image-preview":"max-image-preview:large","max-video-preview":"max-video-preview:-1"},"canonical":"https:\/\/ami.at\/fr\/historique-de-lentreprise\/","og_locale":"fr_FR","og_type":"article","og_title":"Historique de l'entreprise - A.M.I. \u2013 Agency for Medical Innovations","og_url":"https:\/\/ami.at\/fr\/historique-de-lentreprise\/","og_site_name":"A.M.I. \u2013 Agency for Medical Innovations","article_modified_time":"2026-01-22T10:25:51+00:00","twitter_card":"summary_large_image","schema":{"@context":"https:\/\/schema.org","@graph":[{"@type":"WebPage","@id":"https:\/\/ami.at\/fr\/historique-de-lentreprise\/","url":"https:\/\/ami.at\/fr\/historique-de-lentreprise\/","name":"Historique de l'entreprise - A.M.I. \u2013 Agency for Medical Innovations","isPartOf":{"@id":"https:\/\/ami.ryveniaservices.eu\/#website"},"datePublished":"2026-01-22T10:22:07+00:00","dateModified":"2026-01-22T10:25:51+00:00","breadcrumb":{"@id":"https:\/\/ami.at\/fr\/historique-de-lentreprise\/#breadcrumb"},"inLanguage":"fr-FR","potentialAction":[{"@type":"ReadAction","target":["https:\/\/ami.at\/fr\/historique-de-lentreprise\/"]}]},{"@type":"BreadcrumbList","@id":"https:\/\/ami.at\/fr\/historique-de-lentreprise\/#breadcrumb","itemListElement":[{"@type":"ListItem","position":1,"name":"Home","item":"https:\/\/ami.at\/fr\/"},{"@type":"ListItem","position":2,"name":"Historique de l&#8217;entreprise"}]},{"@type":"WebSite","@id":"https:\/\/ami.ryveniaservices.eu\/#website","url":"https:\/\/ami.ryveniaservices.eu\/","name":"A.M.I. \u2013 Agency for Medical Innovations","description":"Austrian manufacturer of medical technology","publisher":{"@id":"https:\/\/ami.ryveniaservices.eu\/#organization"},"potentialAction":[{"@type":"SearchAction","target":{"@type":"EntryPoint","urlTemplate":"https:\/\/ami.ryveniaservices.eu\/?s={search_term_string}"},"query-input":{"@type":"PropertyValueSpecification","valueRequired":true,"valueName":"search_term_string"}}],"inLanguage":"fr-FR"},{"@type":"Organization","@id":"https:\/\/ami.ryveniaservices.eu\/#organization","name":"A.M.I. \u2013 Agency for Medical Innovations","url":"https:\/\/ami.ryveniaservices.eu\/","logo":{"@type":"ImageObject","inLanguage":"fr-FR","@id":"https:\/\/ami.ryveniaservices.eu\/#\/schema\/logo\/image\/","url":"https:\/\/ami.at\/wp-content\/uploads\/2024\/07\/Logo_A.M.I._claim_Pantone.png","contentUrl":"https:\/\/ami.at\/wp-content\/uploads\/2024\/07\/Logo_A.M.I._claim_Pantone.png","width":1081,"height":469,"caption":"A.M.I. \u2013 Agency for Medical Innovations"},"image":{"@id":"https:\/\/ami.ryveniaservices.eu\/#\/schema\/logo\/image\/"}}]}},"_links":{"self":[{"href":"https:\/\/ami.at\/fr\/wp-json\/wp\/v2\/pages\/12750","targetHints":{"allow":["GET"]}}],"collection":[{"href":"https:\/\/ami.at\/fr\/wp-json\/wp\/v2\/pages"}],"about":[{"href":"https:\/\/ami.at\/fr\/wp-json\/wp\/v2\/types\/page"}],"author":[{"embeddable":true,"href":"https:\/\/ami.at\/fr\/wp-json\/wp\/v2\/users\/1"}],"replies":[{"embeddable":true,"href":"https:\/\/ami.at\/fr\/wp-json\/wp\/v2\/comments?post=12750"}],"version-history":[{"count":1,"href":"https:\/\/ami.at\/fr\/wp-json\/wp\/v2\/pages\/12750\/revisions"}],"predecessor-version":[{"id":12751,"href":"https:\/\/ami.at\/fr\/wp-json\/wp\/v2\/pages\/12750\/revisions\/12751"}],"wp:attachment":[{"href":"https:\/\/ami.at\/fr\/wp-json\/wp\/v2\/media?parent=12750"}],"curies":[{"name":"wp","href":"https:\/\/api.w.org\/{rel}","templated":true}]}}